{"id":432,"date":"2025-11-12T14:44:52","date_gmt":"2025-11-12T17:44:52","guid":{"rendered":"https:\/\/toledo.ufpr.br\/enfermagemtoledo\/?page_id=432"},"modified":"2025-11-13T10:10:12","modified_gmt":"2025-11-13T13:10:12","slug":"calouros","status":"publish","type":"page","link":"https:\/\/toledo.ufpr.br\/enfermagemtoledo\/calouros\/","title":{"rendered":"Calouros"},"content":{"rendered":"\n<h1 class=\"wp-block-heading\">\ud83d\udce3 Aten\u00e7\u00e3o, Calouros!<\/h1>\n\n\n\n<p>Sejam bem-vindos \u00e0 nossa universidade! Abaixo, voc\u00ea encontra as principais informa\u00e7\u00f5es para garantir um in\u00edcio tranquilo e regular das suas atividades acad\u00eamicas.<\/p>\n\n\n\n<hr class=\"wp-block-separator has-alpha-channel-opacity\"\/>\n\n\n\n<h4 class=\"wp-block-heading\">\u2705 1. Confirma\u00e7\u00e3o de Matr\u00edcula Presencial.<\/h4>\n\n\n\n<p>De acordo com a <a href=\"https:\/\/toledo.ufpr.br\/enfermagemtoledo\/wp-content\/uploads\/sites\/5\/2025\/11\/Res-37-97-CEPE-atividades-academicas-alterada-pela-Res.-10-19-CEPE.pdf\" target=\"_blank\" rel=\"noreferrer noopener\">Resolu\u00e7\u00e3o 37\/97-CEPE<\/a>,<\/p>\n\n\n\n<p><strong>Art. 32<\/strong> \u2013 O aluno que ingressar por meio de processo seletivo ( V<strong>estibular, Sisu, Enem<\/strong>), ap\u00f3s efetuar seu registro acad\u00eamico, <strong>dever\u00e1 comparecer \u00e0 Secretaria da Coordena\u00e7\u00e3o do Curso<\/strong> nos <strong>tr\u00eas (03) primeiros dias de aula<\/strong> do semestre letivo, conforme o <strong>Calend\u00e1rio Acad\u00eamico<\/strong>, para:<\/p>\n\n\n\n<ul class=\"wp-block-list\">\n<li><strong>Confirmar sua matr\u00edcula<\/strong>;<\/li>\n\n\n\n<li><strong>Efetivar a ocupa\u00e7\u00e3o de sua vaga<\/strong>, preenchendo um <strong>formul\u00e1rio espec\u00edfico<\/strong>.<\/li>\n<\/ul>\n\n\n\n<p><strong>Par\u00e1grafo \u00danico: <\/strong>Caso o aluno, ou pessoa por ele autorizada, <strong>n\u00e3o compare\u00e7a<\/strong> no prazo estipulado, <strong>isso ser\u00e1 considerado como desist\u00eancia<\/strong>. O que resultar\u00e1 em:<\/p>\n\n\n\n<ul class=\"wp-block-list\">\n<li><strong>Cancelamento do registro acad\u00eamico<\/strong> do aluno;<\/li>\n\n\n\n<li><strong>Convoca\u00e7\u00e3o do pr\u00f3ximo candidato classificado<\/strong> na ordem de classifica\u00e7\u00e3o, conforme a lista divulgada pela <strong>CCCV<\/strong>.<\/li>\n<\/ul>\n\n\n\n<blockquote class=\"wp-block-quote is-layout-flow wp-block-quote-is-layout-flow\">\n<p>\ud83d\udccc <strong>Aten\u00e7\u00e3o:<\/strong> A secretaria poder\u00e1 agendar um hor\u00e1rio para confirma\u00e7\u00e3o. Essas informa\u00e7\u00f5es estar\u00e3o dispon\u00edveis na programa\u00e7\u00e3o da <strong>Recep\u00e7\u00e3o de Calouros<\/strong>, divulgada na p\u00e1gina oficial do curso.<\/p>\n<\/blockquote>\n\n\n\n<hr class=\"wp-block-separator has-alpha-channel-opacity\"\/>\n\n\n\n<h4 class=\"wp-block-heading\">\ud83d\uddc2\ufe0f 2. Matr\u00edcula nas Disciplinas (1\u00ba Per\u00edodo).<\/h4>\n\n\n\n<ul class=\"wp-block-list\">\n<li>Para calouros ingressantes no <strong>1\u00ba per\u00edodo<\/strong>, a matr\u00edcula nas disciplinas ser\u00e1 <strong>realizada automaticamente pelo sistema SIGA<\/strong>.<\/li>\n\n\n\n<li>N\u00e3o \u00e9 necess\u00e1rio solicitar manualmente.<\/li>\n\n\n\n<li>Ap\u00f3s a matr\u00edcula, a <strong>Secretaria Acad\u00eamica enviar\u00e1 um e-mail<\/strong> pedindo que o aluno confira se tudo est\u00e1 correto no SIGA.<\/li>\n<\/ul>\n\n\n\n<p>\ud83d\udcd6 Conforme o <strong>Art. 40, \u00a73\u00ba da Resolu\u00e7\u00e3o 37\/97-CEPE<\/strong>:<\/p>\n\n\n\n<blockquote class=\"wp-block-quote is-layout-flow wp-block-quote-is-layout-flow\">\n<p>&#8220;\u00c9 de inteira responsabilidade do aluno certificar-se, mediante confer\u00eancia do comprovante de matr\u00edcula e consulta aos editais da coordena\u00e7\u00e3o, se sua matr\u00edcula foi efetivada. Em caso negativo, dever\u00e1 providenciar corre\u00e7\u00f5es dentro dos prazos estabelecidos pelo Art. 46 da mesma Resolu\u00e7\u00e3o.&#8221;<\/p>\n<\/blockquote>\n\n\n\n<hr class=\"wp-block-separator has-alpha-channel-opacity\"\/>\n\n\n\n<h4 class=\"wp-block-heading\">\ud83c\udf89 Recep\u00e7\u00e3o de Calouros \u2013 2\u00ba Semestre\/2026.<\/h4>\n\n\n\n<p>\ud83d\udcc5 <strong>Per\u00edodo:<\/strong> a definir.<br>\ud83d\udd17 <strong>Acesse aqui<\/strong> a programa\u00e7\u00e3o completa quando estiver dispon\u00edvel.<\/p>\n\n\n\n<hr class=\"wp-block-separator has-alpha-channel-opacity\"\/>\n\n\n\n<h4 class=\"wp-block-heading\">\ud83d\udccd Localiza\u00e7\u00e3o do Campus:<\/h4>\n\n\n\n<p>Avenida Max Planck, 3796 &#8211; Anexo ao complexo Biopark<br>Caixa Postal: 61<br>CEP: 85919-899 \u2013 Toledo\/PR<\/p>\n\n\n\n<hr class=\"wp-block-separator has-alpha-channel-opacity\"\/>\n\n\n<div class=\"wp-block-image\">\n<figure class=\"alignleft\"><img decoding=\"async\" src=\"https:\/\/toledo.ufpr.br\/medicinatoledo\/wp-content\/uploads\/sites\/3\/2023\/11\/mapa-UFPR-TL-300x209.png\" alt=\"mapa-ufpr-tl\" class=\"wp-image-6803\"\/><\/figure>\n<\/div>\n\n<div class=\"wp-block-image\">\n<figure class=\"alignleft\"><img decoding=\"async\" src=\"https:\/\/toledo.ufpr.br\/medicinatoledo\/wp-content\/uploads\/sites\/3\/2023\/11\/predio-UFPR-300x210.png\" alt=\"predio-ufpr\" class=\"wp-image-6804\"\/><\/figure>\n<\/div>\n\n<div class=\"wp-block-image\">\n<figure class=\"alignleft\"><img decoding=\"async\" src=\"https:\/\/toledo.ufpr.br\/medicinatoledo\/wp-content\/uploads\/sites\/3\/2023\/11\/predio-UFPR2-300x216.png\" alt=\"predio-ufpr2\" class=\"wp-image-6805\"\/><\/figure>\n<\/div>\n\n\n<hr class=\"wp-block-separator has-alpha-channel-opacity\"\/>\n\n\n\n<p>Para obter informa\u00e7\u00f5es sobre<strong> Registro Acad\u00eamico e documenta\u00e7\u00e3o, <\/strong>entre em contato atrav\u00e9s dos seguintes canais:<\/p>\n\n\n\n<ul class=\"wp-block-list\">\n<li><strong>E-mail:<\/strong> <a>nc.gra@ufpr.br<\/a><\/li>\n\n\n\n<li><strong>Telefones:<\/strong> (41) 3313-8800 \/ (41) 3313-8801<\/li>\n<\/ul>\n\n\n\n<p><\/p>\n\n\n\n<p><\/p>\n\n\n\n<p><\/p>\n\n\n\n<hr class=\"wp-block-separator has-alpha-channel-opacity\"\/>\n\n\n\n<p class=\"has-text-align-right\">Atualizado em 12\/11\/25<\/p>\n","protected":false},"excerpt":{"rendered":"<p>\ud83d\udce3 Aten\u00e7\u00e3o, Calouros! Sejam bem-vindos \u00e0 nossa universidade! Abaixo, voc\u00ea encontra as principais informa\u00e7\u00f5es para [&hellip;]<\/p>\n","protected":false},"author":2796,"featured_media":0,"parent":0,"menu_order":0,"comment_status":"closed","ping_status":"closed","template":"","meta":{"ngg_post_thumbnail":0,"footnotes":""},"class_list":["post-432","page","type-page","status-publish","hentry"],"_links":{"self":[{"href":"https:\/\/toledo.ufpr.br\/enfermagemtoledo\/wp-json\/wp\/v2\/pages\/432","targetHints":{"allow":["GET"]}}],"collection":[{"href":"https:\/\/toledo.ufpr.br\/enfermagemtoledo\/wp-json\/wp\/v2\/pages"}],"about":[{"href":"https:\/\/toledo.ufpr.br\/enfermagemtoledo\/wp-json\/wp\/v2\/types\/page"}],"author":[{"embeddable":true,"href":"https:\/\/toledo.ufpr.br\/enfermagemtoledo\/wp-json\/wp\/v2\/users\/2796"}],"replies":[{"embeddable":true,"href":"https:\/\/toledo.ufpr.br\/enfermagemtoledo\/wp-json\/wp\/v2\/comments?post=432"}],"version-history":[{"count":5,"href":"https:\/\/toledo.ufpr.br\/enfermagemtoledo\/wp-json\/wp\/v2\/pages\/432\/revisions"}],"predecessor-version":[{"id":628,"href":"https:\/\/toledo.ufpr.br\/enfermagemtoledo\/wp-json\/wp\/v2\/pages\/432\/revisions\/628"}],"wp:attachment":[{"href":"https:\/\/toledo.ufpr.br\/enfermagemtoledo\/wp-json\/wp\/v2\/media?parent=432"}],"curies":[{"name":"wp","href":"https:\/\/api.w.org\/{rel}","templated":true}]}}