{"id":352,"date":"2025-11-12T10:53:27","date_gmt":"2025-11-12T13:53:27","guid":{"rendered":"https:\/\/toledo.ufpr.br\/enfermagemtoledo\/?page_id=352"},"modified":"2025-11-12T11:02:05","modified_gmt":"2025-11-12T14:02:05","slug":"docentes","status":"publish","type":"page","link":"https:\/\/toledo.ufpr.br\/enfermagemtoledo\/docentes\/","title":{"rendered":"Docentes"},"content":{"rendered":"\n<figure class=\"wp-block-table is-style-stripes\"><table class=\"has-fixed-layout\"><tbody><tr><td colspan=\"5\"><strong>RELA\u00c7\u00c3O DE DOCENTES DO CURSO DE ENFERMAGEM \u2013 CAMPUS TOLEDO<\/strong><\/td><\/tr><tr><td>&nbsp;&nbsp;<\/td><td>&nbsp;&nbsp;<\/td><td>&nbsp;&nbsp;<\/td><td>&nbsp;<\/td><td>&nbsp;&nbsp;<\/td><\/tr><tr><td><strong>Docente<\/strong>&nbsp;(<em>link para o lattes)<\/em>&nbsp;&nbsp;<\/td><td><strong>E-mail institucional<\/strong>&nbsp;&nbsp;<\/td><td><strong>Gradua\u00e7\u00e3o<\/strong>&nbsp;&nbsp;<\/td><td><strong>Titula\u00e7\u00e3o m\u00e1xima<\/strong><strong><\/strong><\/td><td><strong>Jornada Trabalho<\/strong>&nbsp;&nbsp;<\/td><\/tr><tr><td><a href=\"http:\/\/lattes.cnpq.br\/7730799251690636\" target=\"_blank\" rel=\"noreferrer noopener\">ANA CARLA ZARPELON SCHUTZ<\/a>\u00a0\u00a0<\/td><td><a href=\"mailto:ana.zarpelon@ufpr.br\">ana.zarpelon@ufpr.br<\/a>&nbsp;&nbsp;<\/td><td>Biomedicina &nbsp;<\/td><td>Doutorado<\/td><td>Dedica\u00e7\u00e3o exclusiva &nbsp;<\/td><\/tr><tr><td><a href=\"http:\/\/lattes.cnpq.br\/9707638008957522\" target=\"_blank\" rel=\"noreferrer noopener\">ANA PAULA CARNEIRO BRANDALIZE<\/a>\u00a0\u00a0<\/td><td><a href=\"mailto:anapaulabrandalize@ufpr.br\">anapaulabrandalize@ufpr.br<\/a>&nbsp;&nbsp;<\/td><td>Ci\u00eancias Biol\u00f3gicas &nbsp;<\/td><td>Doutorado<\/td><td>Dedica\u00e7\u00e3o exclusiva &nbsp;<\/td><\/tr><tr><td><a href=\"http:\/\/lattes.cnpq.br\/9633693240066421\" target=\"_blank\" rel=\"noreferrer noopener\">CESAR AUGUSTO DA SILVA<\/a>\u00a0\u00a0<\/td><td><a href=\"mailto:cesar.augustos@ufpr.br\">cesar.augustos@ufpr.br<\/a>&nbsp;&nbsp;<\/td><td>Medicina &nbsp;<\/td><td>Mestrado<\/td><td>40h sem &nbsp;<\/td><\/tr><tr><td><a href=\"http:\/\/lattes.cnpq.br\/2998906926639662\" target=\"_blank\" rel=\"noreferrer noopener\">DIEGO ALEXANDRE ROZENDO DA SILVA <\/a>\u00a0<\/td><td><a href=\"mailto:diegoalexandre@ufpr.br\">diegoalexandre@ufpr.br<\/a>&nbsp;<\/td><td>Enfermagem<\/td><td>&nbsp;Doutorado<\/td><td>Dedica\u00e7\u00e3o exclusiva<\/td><\/tr><tr><td><a href=\"http:\/\/lattes.cnpq.br\/9904120450453888\" target=\"_blank\" rel=\"noreferrer noopener\">EDIVAN RODRIGO DE PAULA RAMOS<\/a>\u00a0\u00a0<\/td><td><a href=\"mailto:edivanramos@ufpr.br\">edivanramos@ufpr.br<\/a>&nbsp;&nbsp;<\/td><td>Farm\u00e1cia &nbsp;<\/td><td>Doutorado<\/td><td>Dedica\u00e7\u00e3o exclusiva &nbsp;<\/td><\/tr><tr><td><a href=\"http:\/\/lattes.cnpq.br\/3202363732477234\" target=\"_blank\" rel=\"noreferrer noopener\">FRANCIELLE BRUSTOLIN DE LIMA SIMCH<\/a>\u00a0\u00a0<\/td><td><a href=\"mailto:franciele.brustolin@ufpr.br\">franciele.brustolin@ufpr.br<\/a>&nbsp;&nbsp;<\/td><td>Enfermagem &nbsp;<\/td><td>Mestrado<\/td><td>Dedica\u00e7\u00e3o exclusiva &nbsp;<\/td><\/tr><tr><td><a href=\"http:\/\/lattes.cnpq.br\/8179499426460225\" target=\"_blank\" rel=\"noreferrer noopener\">HELOISA DEOLA CONFORTIM<\/a>\u00a0\u00a0<\/td><td><a href=\"mailto:heloisa.confortim@ufpr.br\">heloisa.confortim@ufpr.br<\/a>&nbsp;&nbsp;<\/td><td>Ci\u00eancias Biol\u00f3gicas &nbsp;<\/td><td>Doutorado<\/td><td>Dedica\u00e7\u00e3o exclusiva &nbsp;<\/td><\/tr><tr><td><a href=\"http:\/\/lattes.cnpq.br\/4867345951107954\" target=\"_blank\" rel=\"noreferrer noopener\">JESSICA CRISTINA RUTHS<\/a>\u00a0\u00a0<\/td><td><a href=\"mailto:ruthsjessica@ufpr.br\">ruthsjessica@ufpr.br<\/a>&nbsp;&nbsp;<\/td><td>Enfermagem &nbsp;<\/td><td>Doutorado<\/td><td>Dedica\u00e7\u00e3o exclusiva &nbsp;<\/td><\/tr><tr><td><a href=\"http:\/\/lattes.cnpq.br\/6913517545063812\" target=\"_blank\" rel=\"noreferrer noopener\">JULIANA BERNARDI WENZEL<\/a>\u00a0\u00a0<\/td><td><a href=\"mailto:julianawenzel@ufpr.br\">julianawenzel@ufpr.br<\/a>&nbsp;&nbsp;<\/td><td>Ci\u00eancias Biol\u00f3gicas &nbsp;<\/td><td>Doutorado<\/td><td>Dedica\u00e7\u00e3o exclusiva &nbsp;<\/td><\/tr><tr><td><a href=\"http:\/\/lattes.cnpq.br\/7020007932638502\" target=\"_blank\" rel=\"noreferrer noopener\">KADIMA NAYARA TEIXEIRA<\/a>\u00a0\u00a0<\/td><td><a href=\"mailto:kadimateixeira@ufpr.br\">kadimateixeira@ufpr.br<\/a>&nbsp;&nbsp;<\/td><td>Ci\u00eancias Biol\u00f3gicas &nbsp;<\/td><td>Doutorado<\/td><td>Dedica\u00e7\u00e3o exclusiva &nbsp;<\/td><\/tr><tr><td><a href=\"http:\/\/lattes.cnpq.br\/4779531102983799\" target=\"_blank\" rel=\"noreferrer noopener\">KLEBER FERNANDO PEREIRA<\/a>\u00a0\u00a0<\/td><td><a href=\"mailto:kleber.pereira@ufpr.br\">kleber.pereira@ufpr.br<\/a>&nbsp;&nbsp;<\/td><td>Ci\u00eancias Biol\u00f3gicas<\/td><td>Doutorado<\/td><td>Dedica\u00e7\u00e3o exclusiva &nbsp;<\/td><\/tr><tr><td><a href=\"http:\/\/lattes.cnpq.br\/3342618591138350\" target=\"_blank\" rel=\"noreferrer noopener\">LETYCIA BOECHAT FEREIRA GOMES <\/a>\u00a0<\/td><td><a href=\"mailto:letyciaboechat@ufpr.br\">letyciaboechat@ufpr.br<\/a>&nbsp;&nbsp;<\/td><td>Medicina &nbsp;<\/td><td>Especializa\u00e7\u00e3o<\/td><td>20h sem &nbsp;<\/td><\/tr><tr><td><a href=\"http:\/\/lattes.cnpq.br\/1582905524515435\" target=\"_blank\" rel=\"noreferrer noopener\">MARCELO ALVES DE SOUZA<\/a>\u00a0\u00a0<\/td><td><a href=\"mailto:marcelosouza@ufpr.br\">marcelosouza@ufpr.br<\/a>&nbsp;&nbsp;<\/td><td>Ci\u00eancias Biol\u00f3gicas &nbsp;<\/td><td>Doutorado<\/td><td>Dedica\u00e7\u00e3o exclusiva &nbsp;<\/td><\/tr><tr><td><a href=\"http:\/\/lattes.cnpq.br\/3730172780987811\" target=\"_blank\" rel=\"noreferrer noopener\">MAURICIO BEDIM DOS SANTOS<\/a>\u00a0\u00a0<\/td><td><a href=\"mailto:mauricio.bedim@ufpr.br\">mauricio.bedim@ufpr.br<\/a>&nbsp;&nbsp;<\/td><td>Estat\u00edstica &nbsp;<\/td><td>Mestrado<\/td><td>Dedica\u00e7\u00e3o exclusiva &nbsp;<\/td><\/tr><tr><td><a href=\"http:\/\/lattes.cnpq.br\/1760254502789853\" target=\"_blank\" rel=\"noreferrer noopener\">PATRICIA LEEN KOSAKO CERUTTI<\/a>\u00a0\u00a0<\/td><td><a href=\"mailto:patriciakosako@ufpr.br\">patriciakosako@ufpr.br<\/a>&nbsp;&nbsp;<\/td><td>Medicina &nbsp;<\/td><td>Mestrado<\/td><td>40h sem &nbsp;<\/td><\/tr><tr><td><a href=\"http:\/\/lattes.cnpq.br\/4689650358982658\" target=\"_blank\" rel=\"noreferrer noopener\">SABRINA LIMA MACHADO<\/a>\u00a0\u00a0<\/td><td><a href=\"mailto:sabrinamachado@ufpr.br\">sabrinamachado@ufpr.br<\/a>&nbsp;&nbsp;<\/td><td>Medicina &nbsp;<\/td><td>Mestrado<\/td><td>40h sem &nbsp;<\/td><\/tr><tr><td><a href=\"http:\/\/lattes.cnpq.br\/0292801364095706\" target=\"_blank\" rel=\"noreferrer noopener\">SONIA MARA DE ANDRADE<\/a>\u00a0\u00a0<\/td><td><a href=\"mailto:soniaandrade@ufpr.br\">soniaandrade@ufpr.br<\/a>&nbsp;&nbsp;<\/td><td>Enfermagem &nbsp;<\/td><td>Mestrado<\/td><td>Dedica\u00e7\u00e3o exclusiva &nbsp;<\/td><\/tr><tr><td><a href=\"http:\/\/lattes.cnpq.br\/9206886463278492\" target=\"_blank\" rel=\"noreferrer noopener\">TATIELE ESTEF\u00c2NI SCH\u00d6NHOLZER<\/a>\u00a0\u00a0<\/td><td><a href=\"mailto:tatieleschonholzer@ufpr.br\">tatieleschonholzer@ufpr.br<\/a>&nbsp;&nbsp;<\/td><td>Enfermagem &nbsp;<\/td><td>Doutorado<\/td><td>Dedica\u00e7\u00e3o exclusiva &nbsp;<\/td><\/tr><\/tbody><\/table><\/figure>\n\n\n\n<p><strong>* <\/strong>Para agendar hor\u00e1rio de atendimento individual ou em grupo, enviar e-mail diretamente ao professor.<\/p>\n\n\n\n<hr class=\"wp-block-separator has-alpha-channel-opacity\"\/>\n\n\n\n<p class=\"has-text-align-right\">Atualizado em 12\/11\/25<\/p>\n","protected":false},"excerpt":{"rendered":"<p>RELA\u00c7\u00c3O DE DOCENTES DO CURSO DE ENFERMAGEM \u2013 CAMPUS TOLEDO &nbsp;&nbsp; &nbsp;&nbsp; &nbsp;&nbsp; &nbsp; &nbsp;&nbsp; [&hellip;]<\/p>\n","protected":false},"author":2796,"featured_media":0,"parent":0,"menu_order":0,"comment_status":"closed","ping_status":"closed","template":"","meta":{"ngg_post_thumbnail":0,"footnotes":""},"class_list":["post-352","page","type-page","status-publish","hentry"],"_links":{"self":[{"href":"https:\/\/toledo.ufpr.br\/enfermagemtoledo\/wp-json\/wp\/v2\/pages\/352","targetHints":{"allow":["GET"]}}],"collection":[{"href":"https:\/\/toledo.ufpr.br\/enfermagemtoledo\/wp-json\/wp\/v2\/pages"}],"about":[{"href":"https:\/\/toledo.ufpr.br\/enfermagemtoledo\/wp-json\/wp\/v2\/types\/page"}],"author":[{"embeddable":true,"href":"https:\/\/toledo.ufpr.br\/enfermagemtoledo\/wp-json\/wp\/v2\/users\/2796"}],"replies":[{"embeddable":true,"href":"https:\/\/toledo.ufpr.br\/enfermagemtoledo\/wp-json\/wp\/v2\/comments?post=352"}],"version-history":[{"count":5,"href":"https:\/\/toledo.ufpr.br\/enfermagemtoledo\/wp-json\/wp\/v2\/pages\/352\/revisions"}],"predecessor-version":[{"id":364,"href":"https:\/\/toledo.ufpr.br\/enfermagemtoledo\/wp-json\/wp\/v2\/pages\/352\/revisions\/364"}],"wp:attachment":[{"href":"https:\/\/toledo.ufpr.br\/enfermagemtoledo\/wp-json\/wp\/v2\/media?parent=352"}],"curies":[{"name":"wp","href":"https:\/\/api.w.org\/{rel}","templated":true}]}}